{"id":5259,"date":"2025-12-01T09:49:32","date_gmt":"2025-12-01T08:49:32","guid":{"rendered":"https:\/\/www.alcor-equipements.com\/stand-convention-center\/"},"modified":"2025-12-01T10:42:37","modified_gmt":"2025-12-01T09:42:37","slug":"tribune-centri-congressi","status":"publish","type":"realisation","link":"https:\/\/www.alcor-equipements.com\/it\/tribune-centri-congressi\/","title":{"rendered":"Tribune Modulari per Centri Congressi"},"content":{"rendered":"\n<div class=\"wp-block-media-text alignwide has-media-on-the-right is-stacked-on-mobile is-vertically-aligned-top is-image-fill-element is-style-default\" style=\"padding-top:80px;padding-bottom:80px\"><div class=\"wp-block-media-text__content\">\n<h1 class=\"wp-block-heading is-style-third_title has-grey-color has-text-color\" style=\"padding-bottom:25px\">Tribune Modulari per Centri Congressi<\/h1>\n\n\n\n<hr class=\"wp-block-separator alignleft has-text-color has-snd-color-color has-alpha-channel-opacity has-snd-color-background-color has-background is-style-short-thick\"\/>\n\n\n\n<p class=\"has-grey-color has-text-color\">I centri congressi sono luoghi dinamici, in continua evoluzione. Devono trasformarsi rapidamente per ospitare eventi molto diversi tra loro, dalle fiere ai concerti. \u00c8 in questo contesto che <strong>ALCOR \u00c9quipements<\/strong> mette in campo tutta la sua esperienza. Attualmente supportiamo il Kursaal di Dunkerque, una collaborazione che spiega perch\u00e9 i clienti si affidano regolarmente al nostro servizio flessibile di <strong>noleggio di tribuna per centri congressi<\/strong>.<\/p>\n\n\n\n<div class=\"wp-block-buttons is-content-justification-center is-layout-flex wp-container-core-buttons-is-layout-16018d1d wp-block-buttons-is-layout-flex\">\n<div class=\"wp-block-button is-style-fill-light\"><a class=\"wp-block-button__link wp-element-button\" href=\"https:\/\/www.alcor-equipements.com\/it\/contact\/\">PREVENTIVO<\/a><\/div>\n<\/div>\n<\/div><figure class=\"wp-block-media-text__media\"><img loading=\"lazy\" decoding=\"async\" width=\"1024\" height=\"768\" src=\"https:\/\/www.alcor-equipements.com\/wp-content\/uploads\/2025\/10\/alcor-kursaal-1930pl-1-1024x768.jpg\" alt=\"location de tribune pour palais des congr\u00e8s (Kursaal Dunkerque)\" class=\"wp-image-4855 size-full\" style=\"object-position:50% 50%\" srcset=\"https:\/\/www.alcor-equipements.com\/wp-content\/uploads\/2025\/10\/alcor-kursaal-1930pl-1-1024x768.jpg 1024w, https:\/\/www.alcor-equipements.com\/wp-content\/uploads\/2025\/10\/alcor-kursaal-1930pl-1-300x225.jpg 300w, https:\/\/www.alcor-equipements.com\/wp-content\/uploads\/2025\/10\/alcor-kursaal-1930pl-1-768x576.jpg 768w, https:\/\/www.alcor-equipements.com\/wp-content\/uploads\/2025\/10\/alcor-kursaal-1930pl-1-1536x1152.jpg 1536w, https:\/\/www.alcor-equipements.com\/wp-content\/uploads\/2025\/10\/alcor-kursaal-1930pl-1-scaled.jpg 2048w, https:\/\/www.alcor-equipements.com\/wp-content\/uploads\/2025\/10\/alcor-kursaal-1930pl-1-170x128.jpg 170w\" sizes=\"auto, (max-width: 1024px) 100vw, 1024px\" \/><\/figure><\/div>\n\n\n\n<div class=\"wp-block-cover alignfull wp-duotone-unset-1\" style=\"padding-top:120px;padding-bottom:120px\"><img loading=\"lazy\" decoding=\"async\" width=\"2048\" height=\"1536\" class=\"wp-block-cover__image-background wp-image-4849 size-full\" alt=\"tribune modulaire pour palais des congr\u00e8s et  r\u00e9gie dans le Nord (location pour le Kursaal)\" src=\"https:\/\/www.alcor-equipements.com\/wp-content\/uploads\/2025\/10\/alcor-img_4225-scaled.jpg\" data-object-fit=\"cover\" srcset=\"https:\/\/www.alcor-equipements.com\/wp-content\/uploads\/2025\/10\/alcor-img_4225-scaled.jpg 2048w, https:\/\/www.alcor-equipements.com\/wp-content\/uploads\/2025\/10\/alcor-img_4225-300x225.jpg 300w, https:\/\/www.alcor-equipements.com\/wp-content\/uploads\/2025\/10\/alcor-img_4225-1024x768.jpg 1024w, https:\/\/www.alcor-equipements.com\/wp-content\/uploads\/2025\/10\/alcor-img_4225-768x576.jpg 768w, https:\/\/www.alcor-equipements.com\/wp-content\/uploads\/2025\/10\/alcor-img_4225-1536x1152.jpg 1536w, https:\/\/www.alcor-equipements.com\/wp-content\/uploads\/2025\/10\/alcor-img_4225-170x128.jpg 170w\" sizes=\"auto, (max-width: 2048px) 100vw, 2048px\" \/><span aria-hidden=\"true\" class=\"wp-block-cover__background has-grey-background-color has-background-dim-40 has-background-dim\"><\/span><div class=\"wp-block-cover__inner-container is-layout-flow wp-block-cover-is-layout-flow\">\n<div class=\"wp-block-columns is-layout-flex wp-container-core-columns-is-layout-9d6595d7 wp-block-columns-is-layout-flex\">\n<div class=\"wp-block-column is-layout-flow wp-block-column-is-layout-flow\">\n<h2 class=\"wp-block-heading has-text-align-center is-style-snd_title has-white-color has-text-color\" style=\"padding-bottom:25px\">Tribune Modulari per il Kursaal di Dunkerque<\/h2>\n\n\n\n<p class=\"has-white-color has-text-color has-link-color wp-elements-77708aba447c2b264183567040c6da34\">Da settembre 2024, i team di ALCOR \u00c9quipements sono all&#8217;opera. Il <a href=\"https:\/\/www.dunkerquekursaal.com\/evenements\/agenda.html\" target=\"_blank\" rel=\"noreferrer noopener nofollow\">Kursaal<\/a>, vera istituzione nel nord della Francia, ci ha affidato la progettazione e l&#8217;installazione delle gradinate per una stagione intensa. La sfida? Tempistiche strette e <strong>configurazioni in continuo mutamento<\/strong>.<\/p>\n\n\n\n<p>Ogni spettacolo ha le sue esigenze. Non si tratta solo di posizionare delle sedute, ma di ripensare lo spazio:<\/p>\n\n\n\n<ul class=\"wp-block-list\">\n<li>Settembre: Una configurazione intima da 800 posti.<\/li>\n\n\n\n<li class=\"has-white-color has-text-color has-link-color wp-elements-431515cf43f5a7e8057aad73e3f106b6\">Ottobre\/Novembre: Una <a href=\"https:\/\/www.alcor-equipements.com\/it\/tribune-prefabbricate-modulari\/\">tribuna prefabbricate modulare<\/a> da 1.300 posti.<\/li>\n\n\n\n<li>Dicembre: Massimizzazione dello spazio con una grande tribuna da 1.980 posti.<\/li>\n\n\n\n<li>Gennaio: Un allestimento simile da 1.930 posti.<\/li>\n<\/ul>\n\n\n\n<p class=\"has-white-color has-text-color has-link-color wp-elements-0f70953a195af2b3b33ea5a8e503015f\">Questa successione di progetti dimostra la nostra capacit\u00e0 di gestire il <a href=\"https:\/\/www.alcor-equipements.com\/it\/noleggio-tribune\/\">noleggio di tribune<\/a> con una reattivit\u00e0 impeccabile. I tempi di montaggio e smontaggio ridotti non sono un problema grazie alla nostra <strong>tecnologia brevettata senza viti n\u00e9 bulloni<\/strong>.<\/p>\n<\/div>\n<\/div>\n<\/div><\/div>\n\n\n\n<div style=\"height:100px\" aria-hidden=\"true\" class=\"wp-block-spacer\"><\/div>\n\n\n\n<div class=\"wp-block-columns alignwide is-layout-flex wp-container-core-columns-is-layout-9d6595d7 wp-block-columns-is-layout-flex\">\n<div class=\"wp-block-column is-layout-flow wp-block-column-is-layout-flow\" style=\"padding-top:0;padding-right:0;padding-bottom:0;padding-left:0;flex-basis:50%\">\n<div class=\"wp-block-group alignfull\" style=\"padding-top:0;padding-right:var(--wp--preset--spacing--30);padding-bottom:0;padding-left:0\"><div class=\"wp-block-group__inner-container is-layout-constrained wp-container-core-group-is-layout-bb789ed2 wp-block-group-is-layout-constrained\">\n<h3 class=\"wp-block-heading alignfull has-text-align-left is-style-fourth_title has-grey-color has-text-color\">I Vantaggi del Noleggio di Tribune per Centri Congressi<\/h3>\n\n\n\n<hr class=\"wp-block-separator alignleft has-text-color has-snd-color-color has-alpha-channel-opacity has-snd-color-background-color has-background is-style-short-thick\"\/>\n<\/div><\/div>\n\n\n\n<p>Perch\u00e9 scegliere il noleggio di <strong>gradinate modulari per centri congressi<\/strong>? La risposta \u00e8 l&#8217;adattabilit\u00e0. Al Kursaal, per ottimizzare lo spazio limitato, abbiamo integrato la regia direttamente nel cuore delle <a href=\"https:\/\/www.alcor-equipements.com\/it\/tribune-metalliche\/\">tribune metalliche<\/a>. Questo libera spazio a terra offrendo ai tecnici una visuale perfetta. Anche l&#8217;estetica \u00e8 curata: l&#8217;aggiunta di coprisedili ha elevato lo standard della sala, un dettaglio cruciale per il teatro o la danza.<\/p>\n<\/div>\n\n\n\n<div class=\"wp-block-column is-layout-flow wp-block-column-is-layout-flow\" style=\"flex-basis:50%\">\n<div class=\"wp-block-group\" style=\"padding-top:0;padding-right:var(--wp--preset--spacing--30);padding-bottom:0;padding-left:0\"><div class=\"wp-block-group__inner-container is-layout-constrained wp-container-core-group-is-layout-bb789ed2 wp-block-group-is-layout-constrained\">\n<p class=\"has-grey-color has-text-color\" style=\"padding-right:var(--wp--preset--spacing--30)\">Whe si tratti di una fiera o di un concerto rock, la struttura si adatta al luogo, e non viceversa. Per un gestore di sala, il <strong>noleggio <\/strong>offre una flessibilit\u00e0 finanziaria e logistica impareggiabile rispetto alle installazioni fisse. Una volta terminato l&#8217;evento, smontiamo tutto rapidamente, permettendo di riaffittare la sala senza tempi morti.<\/p>\n\n\n\n<div style=\"height:30px\" aria-hidden=\"true\" class=\"wp-block-spacer\"><\/div>\n\n\n\n<div class=\"wp-block-buttons is-content-justification-center is-layout-flex wp-container-core-buttons-is-layout-16018d1d wp-block-buttons-is-layout-flex\">\n<div class=\"wp-block-button is-style-fill-light\"><a class=\"wp-block-button__link wp-element-button\" href=\"https:\/\/www.alcor-equipements.com\/it\/contact\/\">PREVENTIVO GRATUITO<\/a><\/div>\n<\/div>\n<\/div><\/div>\n<\/div>\n<\/div>\n\n\n\n<div style=\"height:80px\" aria-hidden=\"true\" class=\"wp-block-spacer\"><\/div>\n\n\n\n<div class=\"wp-block-media-text alignfull has-media-on-the-right is-stacked-on-mobile is-image-fill-element has-third-color-background-color has-background\" style=\"padding-top:0;padding-right:0;padding-bottom:0;padding-left:0\"><div class=\"wp-block-media-text__content\">\n<div class=\"wp-block-columns is-layout-flex wp-container-core-columns-is-layout-ca68fe2e wp-block-columns-is-layout-flex\" style=\"padding-top:96px;padding-bottom:96px\">\n<div class=\"wp-block-column is-vertically-aligned-top is-layout-flow wp-block-column-is-layout-flow\">\n<h2 class=\"wp-block-heading is-style-fourth_title has-main-color-color has-text-color\">Sicurezza ed Esperienza Tecnica<\/h2>\n\n\n\n<hr class=\"wp-block-separator alignleft has-text-color has-white-color has-alpha-channel-opacity has-white-background-color has-background is-style-short-thick\"\/>\n\n\n\n<p class=\"has-main-color-color has-text-color\">La <strong>sicurezza del pubblico<\/strong> \u00e8 la nostra priorit\u00e0 assoluta. Ogni progetto di ALCOR \u00c9quipements rispetta scrupolosamente la <a href=\"https:\/\/www.alcor-equipements.com\/it\/norme-tribune\/\">norma<\/a> <strong>EN 13200-6<\/strong> relativa alle tribune smontabili. Per il Kursaal, la gestione dei flussi era fondamentale. Abbiamo installato robuste scale di tipo ponteggio per creare accessi e vie di fuga posteriori, nel pieno rispetto delle normative per i locali di pubblico spettacolo.<\/p>\n<\/div>\n<\/div>\n<\/div><figure class=\"wp-block-media-text__media\"><img loading=\"lazy\" decoding=\"async\" width=\"1024\" height=\"768\" src=\"https:\/\/www.alcor-equipements.com\/wp-content\/uploads\/2025\/10\/alcor-img_4540-1024x768.jpg\" alt=\"location de tribune pour palais des congr\u00e8s avec escaliers pour s\u00e9curit\u00e9 et normes\" class=\"wp-image-4858 size-full\" style=\"object-position:0% 58%\" srcset=\"https:\/\/www.alcor-equipements.com\/wp-content\/uploads\/2025\/10\/alcor-img_4540-1024x768.jpg 1024w, https:\/\/www.alcor-equipements.com\/wp-content\/uploads\/2025\/10\/alcor-img_4540-300x225.jpg 300w, https:\/\/www.alcor-equipements.com\/wp-content\/uploads\/2025\/10\/alcor-img_4540-768x576.jpg 768w, https:\/\/www.alcor-equipements.com\/wp-content\/uploads\/2025\/10\/alcor-img_4540-1536x1152.jpg 1536w, https:\/\/www.alcor-equipements.com\/wp-content\/uploads\/2025\/10\/alcor-img_4540-scaled.jpg 2048w, https:\/\/www.alcor-equipements.com\/wp-content\/uploads\/2025\/10\/alcor-img_4540-170x128.jpg 170w\" sizes=\"auto, (max-width: 1024px) 100vw, 1024px\" \/><\/figure><\/div>\n\n\n\n<div style=\"height:50px\" aria-hidden=\"true\" class=\"wp-block-spacer\"><\/div>\n\n\n\n<div class=\"wp-block-group\" style=\"padding-top:var(--wp--preset--spacing--50);padding-bottom:var(--wp--preset--spacing--50)\"><div class=\"wp-block-group__inner-container is-layout-constrained wp-block-group-is-layout-constrained\">\n<h2 class=\"wp-block-heading has-text-align-center is-style-third_title\">I Nostre Prodotti<\/h2>\n\n\n\n<hr class=\"wp-block-separator has-text-color has-snd-color-color has-alpha-channel-opacity has-snd-color-background-color has-background is-style-short-thick\"\/>\n\n\n\n<div class=\"is-grid columns-3 wp-block-custom-blocks-latest-products\">\n\n\t\t\t\t<ul class='wp-block-custom-blocks-latest-products__filters'>\n\t\t\t\t<li>\n\t\t\t\t\t<button class=\"wp-block-custom-blocks-latest-products__filters__filter wp-block-custom-blocks-latest-products__filters__filter--active\">\n\t\t\t\t\t\tTous\t\t\t\t\t<\/button>\n\t\t\t\t<\/li>\n\t\t\t\t\t\t\t\t\t<li>\n\t\t\t\t\t\t<button \n\t\t\t\t\t\t\tclass='wp-block-custom-blocks-latest-products__filters__filter'\n\t\t\t\t\t\t\tdata-termid='32'>Vente\t\t\t\t\t\t<\/button>\n\t\t\t\t\t<\/li>\n\t\t\t\t\t\t\t\t\t<li>\n\t\t\t\t\t\t<button \n\t\t\t\t\t\t\tclass='wp-block-custom-blocks-latest-products__filters__filter'\n\t\t\t\t\t\t\tdata-termid='33'>Location\t\t\t\t\t\t<\/button>\n\t\t\t\t\t<\/li>\n\t\t\t\t\t\t\t\t\t<li>\n\t\t\t\t\t\t<button \n\t\t\t\t\t\t\tclass='wp-block-custom-blocks-latest-products__filters__filter'\n\t\t\t\t\t\t\tdata-termid='34'>International\t\t\t\t\t\t<\/button>\n\t\t\t\t\t<\/li>\n\t\t\t\t\t\t\t<\/ul>\n\t\t\n\t\t\t\t<ul \n\t\t\t\tclass = \"wp-block-custom-blocks-latest-products__list\"\n\t\t\t\t\t\t\t\t\tdata-post_type=\"produit\"\n\t\t\t\t\t\t\t\t\tdata-posts_per_page=\"6\"\n\t\t\t\t\t\t\t\t\tdata-order=\"asc\"\n\t\t\t\t\t\t\t\t\tdata-orderby=\"date\"\n\t\t\t\t\t\t\t\t\tdata-post_count=\"10\"\n\t\t\t\t\t\t\t\t\tdata-columns=\"3\"\n\t\t\t\t\t\t\t\t\tdata-display_loadmore=\"loadmore\"\n\t\t\t\t\t\t\t\t\tdata-offset=\"6\"\n\t\t\t\t\t\t\t\t\tdata-layout=\"grid\"\n\t\t\t\t\t\t\t\t\tdata-display_picto=\"1\"\n\t\t\t\t\t\t\t>\n\t\t\t\t\t\t<li class=\"wp-block-custom-blocks-latest-products__post\">\n\t\t\t\n\t\t\t\t\t\t\t\t\t<div class=\"wp-block-custom-blocks-latest-products__post__picto\">\n                        <img decoding=\"async\" src=\"https:\/\/www.alcor-equipements.com\/wp-content\/uploads\/2024\/04\/alcor-productevenementiel.svg\" alt=\"\" \/>\n\t\t\t\t\t<\/div>\n\t\t\t\t\n\t\t\t\t\t\t\t\t<div class='wp-block-custom-blocks-latest-products__post-content'>\n\n\t\t\t\t\t\t\t\t\t\t<a class=\"wp-block-custom-blocks-latest-products__post-title\" href=\"https:\/\/www.alcor-equipements.com\/it\/tribune-prefabbricate-modulari\/\">Tribune prefabbricate modulari<\/a>\n\n\t\t\t\t\t\n\t\t\t\t\t\n\t\t\t\t\t\n\t\t\t\t\t\t\t\t\t\t\n\t\t\t\t<\/div>\n\t\t\t\n\t\t\t\t\t\t\t<\/li>\n\t\t\t\t\t\t\t\t\t<li class=\"wp-block-custom-blocks-latest-products__post\">\n\t\t\t\n\t\t\t\t\t\t\t\t\t<div class=\"wp-block-custom-blocks-latest-products__post__picto\">\n                        <img decoding=\"async\" src=\"https:\/\/www.alcor-equipements.com\/wp-content\/uploads\/2024\/02\/alcor-productabristade.svg\" alt=\"\" \/>\n\t\t\t\t\t<\/div>\n\t\t\t\t\n\t\t\t\t\t\t\t\t<div class='wp-block-custom-blocks-latest-products__post-content'>\n\n\t\t\t\t\t\t\t\t\t\t<a class=\"wp-block-custom-blocks-latest-products__post-title\" href=\"https:\/\/www.alcor-equipements.com\/it\/tribuna-coperta-abristade\/\">Abristade\u00ae<\/a>\n\n\t\t\t\t\t\n\t\t\t\t\t\n\t\t\t\t\t\n\t\t\t\t\t\t\t\t\t\t\n\t\t\t\t<\/div>\n\t\t\t\n\t\t\t\t\t\t\t<\/li>\n\t\t\t\t\t\t\t\t\t<li class=\"wp-block-custom-blocks-latest-products__post\">\n\t\t\t\n\t\t\t\t\t\t\t\t\t<div class=\"wp-block-custom-blocks-latest-products__post__picto\">\n                        <img decoding=\"async\" src=\"https:\/\/www.alcor-equipements.com\/wp-content\/uploads\/2024\/03\/alcor-productmobiles.svg\" alt=\"\" \/>\n\t\t\t\t\t<\/div>\n\t\t\t\t\n\t\t\t\t\t\t\t\t<div class='wp-block-custom-blocks-latest-products__post-content'>\n\n\t\t\t\t\t\t\t\t\t\t<a class=\"wp-block-custom-blocks-latest-products__post-title\" href=\"https:\/\/www.alcor-equipements.com\/it\/tribune-mobili\/\">Tribune mobili<\/a>\n\n\t\t\t\t\t\n\t\t\t\t\t\n\t\t\t\t\t\n\t\t\t\t\t\t\t\t\t\t\n\t\t\t\t<\/div>\n\t\t\t\n\t\t\t\t\t\t\t<\/li>\n\t\t\t\t\t\t\t\t\t<li class=\"wp-block-custom-blocks-latest-products__post\">\n\t\t\t\n\t\t\t\t\t\t\t\t\t<div class=\"wp-block-custom-blocks-latest-products__post__picto\">\n                        <img decoding=\"async\" src=\"https:\/\/www.alcor-equipements.com\/wp-content\/uploads\/2024\/04\/alcor-productstade.svg\" alt=\"\" \/>\n\t\t\t\t\t<\/div>\n\t\t\t\t\n\t\t\t\t\t\t\t\t<div class='wp-block-custom-blocks-latest-products__post-content'>\n\n\t\t\t\t\t\t\t\t\t\t<a class=\"wp-block-custom-blocks-latest-products__post-title\" href=\"https:\/\/www.alcor-equipements.com\/it\/tribune-stadio\/\">Tribune per impianti sportivi<\/a>\n\n\t\t\t\t\t\n\t\t\t\t\t\n\t\t\t\t\t\n\t\t\t\t\t\t\t\t\t\t\n\t\t\t\t<\/div>\n\t\t\t\n\t\t\t\t\t\t\t<\/li>\n\t\t\t\t\t\t\t\t\t<li class=\"wp-block-custom-blocks-latest-products__post\">\n\t\t\t\n\t\t\t\t\t\t\t\t\t<div class=\"wp-block-custom-blocks-latest-products__post__picto\">\n                        <img decoding=\"async\" src=\"https:\/\/www.alcor-equipements.com\/wp-content\/uploads\/2024\/04\/alcor-productevenementiel.svg\" alt=\"\" \/>\n\t\t\t\t\t<\/div>\n\t\t\t\t\n\t\t\t\t\t\t\t\t<div class='wp-block-custom-blocks-latest-products__post-content'>\n\n\t\t\t\t\t\t\t\t\t\t<a class=\"wp-block-custom-blocks-latest-products__post-title\" href=\"https:\/\/www.alcor-equipements.com\/it\/tribuna-tubolare\/\">Vendita e noleggio di tribune tubolari<\/a>\n\n\t\t\t\t\t\n\t\t\t\t\t\n\t\t\t\t\t\n\t\t\t\t\t\t\t\t\t\t\n\t\t\t\t<\/div>\n\t\t\t\n\t\t\t\t\t\t\t<\/li>\n\t\t\t\t\t\t\t\t\t<li class=\"wp-block-custom-blocks-latest-products__post\">\n\t\t\t\n\t\t\t\t\t\t\t\t\t<div class=\"wp-block-custom-blocks-latest-products__post__picto\">\n                        <img decoding=\"async\" src=\"https:\/\/www.alcor-equipements.com\/wp-content\/uploads\/2024\/04\/alcor-1_-scaled.jpg\" alt=\"\" \/>\n\t\t\t\t\t<\/div>\n\t\t\t\t\n\t\t\t\t\t\t\t\t<div class='wp-block-custom-blocks-latest-products__post-content'>\n\n\t\t\t\t\t\t\t\t\t\t<a class=\"wp-block-custom-blocks-latest-products__post-title\" href=\"https:\/\/www.alcor-equipements.com\/it\/gradinate-50-posti\/\">Gradinate da 50 posti: vendita e noleggio per ogni evento<\/a>\n\n\t\t\t\t\t\n\t\t\t\t\t\n\t\t\t\t\t\n\t\t\t\t\t\t\t\t\t\t\n\t\t\t\t<\/div>\n\t\t\t\n\t\t\t\t\t\t\t<\/li>\n\t\t\t\t\t\t\t\t<\/ul>\n\t\t\t\n\t\t\t\t\t<div class=\"wp-block-custom-blocks-latest-products__loadmore\">\n\t\t\t\t\t<button class=\"wp-block-button__link\">Vedi di pi\u00f9<\/button>\n\t\t\t\t<\/div>\n\t\t\t\n<\/div>\n\n\n<div style=\"height:50px\" aria-hidden=\"true\" class=\"wp-block-spacer\"><\/div>\n<\/div><\/div>\n\n\n\n<div class=\"wp-block-media-text alignfull is-stacked-on-mobile is-image-fill-element has-main-color-background-color has-background\" style=\"padding-top:0;padding-right:0;padding-bottom:0;padding-left:0\"><figure class=\"wp-block-media-text__media\"><img loading=\"lazy\" decoding=\"async\" width=\"1024\" height=\"768\" src=\"https:\/\/www.alcor-equipements.com\/wp-content\/uploads\/2025\/10\/alcor-img_4062-1024x768.jpg\" alt=\"stand rental for convention center\" class=\"wp-image-4862 size-full\" style=\"object-position:50% 50%\" srcset=\"https:\/\/www.alcor-equipements.com\/wp-content\/uploads\/2025\/10\/alcor-img_4062-1024x768.jpg 1024w, https:\/\/www.alcor-equipements.com\/wp-content\/uploads\/2025\/10\/alcor-img_4062-300x225.jpg 300w, https:\/\/www.alcor-equipements.com\/wp-content\/uploads\/2025\/10\/alcor-img_4062-768x576.jpg 768w, https:\/\/www.alcor-equipements.com\/wp-content\/uploads\/2025\/10\/alcor-img_4062-1536x1152.jpg 1536w, https:\/\/www.alcor-equipements.com\/wp-content\/uploads\/2025\/10\/alcor-img_4062-scaled.jpg 2048w, https:\/\/www.alcor-equipements.com\/wp-content\/uploads\/2025\/10\/alcor-img_4062-170x128.jpg 170w\" sizes=\"auto, (max-width: 1024px) 100vw, 1024px\" \/><\/figure><div class=\"wp-block-media-text__content\">\n<div class=\"wp-block-columns is-layout-flex wp-container-core-columns-is-layout-ca68fe2e wp-block-columns-is-layout-flex\" style=\"padding-top:96px;padding-bottom:96px\">\n<div class=\"wp-block-column is-vertically-aligned-top is-layout-flow wp-block-column-is-layout-flow\">\n<h2 class=\"wp-block-heading has-text-align-left is-style-fourth_title has-white-color has-text-color\">Partner di Fiducia<\/h2>\n\n\n\n<hr class=\"wp-block-separator alignleft has-text-color has-snd-color-color has-alpha-channel-opacity has-snd-color-background-color has-background is-style-short-thick\"\/>\n\n\n\n<div style=\"height:30px\" aria-hidden=\"true\" class=\"wp-block-spacer\"><\/div>\n\n\n\n<p class=\"has-white-color has-text-color has-link-color wp-elements-0f5062ce66d9ca9884bd729e56a62025\"><strong>ALCOR \u00c9quipements<\/strong> \u00e8 il vostro partner di fiducia. Sebbene il nostro servizio di noleggio sia attivo in Francia, vendiamo le nostre tribune modulari di alta qualit\u00e0 in tutto il mondo, con una forte presenza e disponibilit\u00e0 per i clienti in <strong>Italia<\/strong>. Contattateci per un preventivo gratuito!<\/p>\n\n\n\n<div style=\"height:30px\" aria-hidden=\"true\" class=\"wp-block-spacer\"><\/div>\n\n\n\n<div class=\"wp-block-buttons is-content-justification-center is-layout-flex wp-container-core-buttons-is-layout-16018d1d wp-block-buttons-is-layout-flex\">\n<div class=\"wp-block-button is-style-fill-light\"><a class=\"wp-block-button__link wp-element-button\" href=\"https:\/\/www.alcor-equipements.com\/it\/contact\/\">CONTATTACI<\/a><\/div>\n<\/div>\n<\/div>\n<\/div>\n<\/div><\/div>\n\n\n\n<p><\/p>\n","protected":false},"excerpt":{"rendered":"<p>I Vantaggi del Noleggio di Tribune per Centri Congressi Perch\u00e9 scegliere il noleggio di gradinate [&hellip;]<\/p>\n","protected":false},"author":8,"featured_media":4863,"menu_order":5,"comment_status":"open","ping_status":"closed","template":"","categorie":[37],"class_list":["post-5259","realisation","type-realisation","status-publish","has-post-thumbnail","hentry","categorie-location-it"],"acf":[],"_links":{"self":[{"href":"https:\/\/www.alcor-equipements.com\/it\/wp-json\/wp\/v2\/realisation\/5259","targetHints":{"allow":["GET"]}}],"collection":[{"href":"https:\/\/www.alcor-equipements.com\/it\/wp-json\/wp\/v2\/realisation"}],"about":[{"href":"https:\/\/www.alcor-equipements.com\/it\/wp-json\/wp\/v2\/types\/realisation"}],"author":[{"embeddable":true,"href":"https:\/\/www.alcor-equipements.com\/it\/wp-json\/wp\/v2\/users\/8"}],"replies":[{"embeddable":true,"href":"https:\/\/www.alcor-equipements.com\/it\/wp-json\/wp\/v2\/comments?post=5259"}],"version-history":[{"count":3,"href":"https:\/\/www.alcor-equipements.com\/it\/wp-json\/wp\/v2\/realisation\/5259\/revisions"}],"predecessor-version":[{"id":5264,"href":"https:\/\/www.alcor-equipements.com\/it\/wp-json\/wp\/v2\/realisation\/5259\/revisions\/5264"}],"wp:featuredmedia":[{"embeddable":true,"href":"https:\/\/www.alcor-equipements.com\/it\/wp-json\/wp\/v2\/media\/4863"}],"wp:attachment":[{"href":"https:\/\/www.alcor-equipements.com\/it\/wp-json\/wp\/v2\/media?parent=5259"}],"wp:term":[{"taxonomy":"categorie","embeddable":true,"href":"https:\/\/www.alcor-equipements.com\/it\/wp-json\/wp\/v2\/categorie?post=5259"}],"curies":[{"name":"wp","href":"https:\/\/api.w.org\/{rel}","templated":true}]}}