{"id":4550,"date":"2025-09-10T09:45:54","date_gmt":"2025-09-10T07:45:54","guid":{"rendered":"https:\/\/www.alcor-equipements.com\/?post_type=realisation&#038;p=4550"},"modified":"2025-12-15T13:14:25","modified_gmt":"2025-12-15T12:14:25","slug":"grandstand-rental-patronage","status":"publish","type":"realisation","link":"https:\/\/www.alcor-equipements.com\/en\/grandstand-rental-patronage\/","title":{"rendered":"Grandstand rental for patronage"},"content":{"rendered":"\n<div class=\"wp-block-media-text alignwide has-media-on-the-right is-stacked-on-mobile is-vertically-aligned-top is-image-fill-element is-style-default\" style=\"padding-top:80px;padding-bottom:80px;grid-template-columns:auto 30%\"><div class=\"wp-block-media-text__content\">\n<h1 class=\"wp-block-heading is-style-third_title has-grey-color has-text-color\" style=\"padding-bottom:25px\">Grandstand rental for patronage (Tr\u00e9laz\u00e9 Festival)<\/h1>\n\n\n\n<hr class=\"wp-block-separator alignleft has-text-color has-snd-color-color has-alpha-channel-opacity has-snd-color-background-color has-background is-style-short-thick\"\/>\n\n\n\n<p class=\"has-grey-color has-text-color\">For the 2025 Tr\u00e9laz\u00e9 Festival at the Arena Loire, ALCOR \u00c9quipements provided its expertise in <strong>renting modular grandstands<\/strong> tailored to the specific needs of <strong>cultural patronage<\/strong>. <\/p>\n\n\n\n<p class=\"has-grey-color has-text-color\">From June 21 to July 20, 2025, this <strong>free cultural event<\/strong> brought together thousands of festival\u2011goers who attended concerts and shows thanks to custom\u2011designed installations.<\/p>\n\n\n\n<div style=\"height:50px\" aria-hidden=\"true\" class=\"wp-block-spacer\"><\/div>\n\n\n\n<div class=\"wp-block-buttons is-content-justification-center is-layout-flex wp-container-core-buttons-is-layout-16018d1d wp-block-buttons-is-layout-flex\">\n<div class=\"wp-block-button is-style-fill-light\"><a class=\"wp-block-button__link wp-element-button\" href=\"https:\/\/www.alcor-equipements.com\/en\/contact-us\/\">REQUEST A QUOTE<\/a><\/div>\n<\/div>\n<\/div><figure class=\"wp-block-media-text__media\"><img loading=\"lazy\" decoding=\"async\" width=\"726\" height=\"1024\" src=\"https:\/\/www.alcor-equipements.com\/wp-content\/uploads\/2025\/09\/alcor-festival-trelaze-affiche-726x1024.png\" alt=\"\" class=\"wp-image-4552 size-full\" style=\"object-position:50% 50%\" srcset=\"https:\/\/www.alcor-equipements.com\/wp-content\/uploads\/2025\/09\/alcor-festival-trelaze-affiche-726x1024.png 726w, https:\/\/www.alcor-equipements.com\/wp-content\/uploads\/2025\/09\/alcor-festival-trelaze-affiche-213x300.png 213w, https:\/\/www.alcor-equipements.com\/wp-content\/uploads\/2025\/09\/alcor-festival-trelaze-affiche-768x1084.png 768w, https:\/\/www.alcor-equipements.com\/wp-content\/uploads\/2025\/09\/alcor-festival-trelaze-affiche-1088x1536.png 1088w, https:\/\/www.alcor-equipements.com\/wp-content\/uploads\/2025\/09\/alcor-festival-trelaze-affiche-120x170.png 120w, https:\/\/www.alcor-equipements.com\/wp-content\/uploads\/2025\/09\/alcor-festival-trelaze-affiche.png 1451w\" sizes=\"auto, (max-width: 726px) 100vw, 726px\" \/><\/figure><\/div>\n\n\n\n<div class=\"wp-block-cover alignfull wp-duotone-unset-1\" style=\"padding-top:120px;padding-bottom:120px\"><img loading=\"lazy\" decoding=\"async\" width=\"1024\" height=\"768\" class=\"wp-block-cover__image-background wp-image-4560 size-large\" alt=\"location de tribune pour festival de Tr\u00e9laz\u00e9\" src=\"https:\/\/www.alcor-equipements.com\/wp-content\/uploads\/2025\/09\/alcor-img_1802-1024x768.jpg\" style=\"object-position:49% 34%\" data-object-fit=\"cover\" data-object-position=\"49% 34%\" srcset=\"https:\/\/www.alcor-equipements.com\/wp-content\/uploads\/2025\/09\/alcor-img_1802-1024x768.jpg 1024w, https:\/\/www.alcor-equipements.com\/wp-content\/uploads\/2025\/09\/alcor-img_1802-300x225.jpg 300w, https:\/\/www.alcor-equipements.com\/wp-content\/uploads\/2025\/09\/alcor-img_1802-768x576.jpg 768w, https:\/\/www.alcor-equipements.com\/wp-content\/uploads\/2025\/09\/alcor-img_1802-1536x1152.jpg 1536w, https:\/\/www.alcor-equipements.com\/wp-content\/uploads\/2025\/09\/alcor-img_1802-scaled.jpg 2048w, https:\/\/www.alcor-equipements.com\/wp-content\/uploads\/2025\/09\/alcor-img_1802-170x128.jpg 170w\" sizes=\"auto, (max-width: 1024px) 100vw, 1024px\" \/><span aria-hidden=\"true\" class=\"wp-block-cover__background has-grey-background-color has-background-dim-40 has-background-dim\"><\/span><div class=\"wp-block-cover__inner-container is-layout-flow wp-block-cover-is-layout-flow\">\n<div class=\"wp-block-columns is-layout-flex wp-container-core-columns-is-layout-9d6595d7 wp-block-columns-is-layout-flex\">\n<div class=\"wp-block-column is-layout-flow wp-block-column-is-layout-flow\">\n<h2 class=\"wp-block-heading has-text-align-center is-style-snd_title has-white-color has-text-color\" style=\"padding-bottom:25px\">About this grandstand rental for the Tr\u00e9laz\u00e9 Festival<\/h2>\n\n\n\n<hr class=\"wp-block-separator aligncenter has-text-color has-snd-color-color has-alpha-channel-opacity has-snd-color-background-color has-background is-style-short-thick\"\/>\n\n\n\n<p class=\"has-text-align-center has-white-color has-text-color\" style=\"padding-bottom:25px\">The <strong>Tr\u00e9laz\u00e9 Festival<\/strong>, renowned for its rich and accessible program, is part of a <strong>cultural patronage initiative<\/strong> that promotes art and music for all. This edition welcomed international artists such as Yannick Noah, Pascal Obispo, Olivia Ruiz, Chim\u00e8ne Badi, and Thomas Dutronc. <\/p>\n\n\n\n<p class=\"has-text-align-center has-white-color has-text-color\" style=\"padding-bottom:25px\">It is funded by the City and by the <strong>Tr\u00e9laz\u00e9 Festival Patrons\u2019 Club<\/strong>. This club brings together more than 350 companies from the region, from local retailers to international industrial firms (<a href=\"https:\/\/arenaloiretrelaze.fr\/festival-de-trelaze\/les-partenaires\/\" target=\"_blank\" rel=\"noreferrer noopener nofollow\">source<\/a>).<\/p>\n\n\n\n<div class=\"wp-block-buttons is-content-justification-center is-layout-flex wp-container-core-buttons-is-layout-16018d1d wp-block-buttons-is-layout-flex\">\n<div class=\"wp-block-button is-style-fill-light\"><a class=\"wp-block-button__link wp-element-button\" href=\"https:\/\/www.alcor-equipements.com\/en\/contact-us\/\">CONTACT<\/a><\/div>\n<\/div>\n<\/div>\n<\/div>\n<\/div><\/div>\n\n\n\n<div style=\"height:50px\" aria-hidden=\"true\" class=\"wp-block-spacer\"><\/div>\n\n\n\n<div class=\"wp-block-columns alignwide is-layout-flex wp-container-core-columns-is-layout-9d6595d7 wp-block-columns-is-layout-flex\">\n<div class=\"wp-block-column is-layout-flow wp-block-column-is-layout-flow\" style=\"padding-top:0;padding-right:0;padding-bottom:0;padding-left:0;flex-basis:50%\">\n<div class=\"wp-block-group alignfull\" style=\"padding-top:0;padding-right:var(--wp--preset--spacing--30);padding-bottom:0;padding-left:0\"><div class=\"wp-block-group__inner-container is-layout-constrained wp-container-core-group-is-layout-bb789ed2 wp-block-group-is-layout-constrained\">\n<h3 class=\"wp-block-heading alignfull has-text-align-left is-style-fourth_title has-grey-color has-text-color\">2 stands and 1 ADA platform in the heart of Maine\u2011et\u2011Loire<\/h3>\n\n\n\n<hr class=\"wp-block-separator alignleft has-text-color has-snd-color-color has-alpha-channel-opacity has-snd-color-background-color has-background is-style-short-thick\"\/>\n\n\n\n<p class=\"has-text-align-left is-style-fourth_title has-grey-color has-text-color\">These artists performed at the Arena Loire, a venue in the 49 designed to offer the audience an immersive and comfortable experience. <\/p>\n\n\n\n<p class=\"has-text-align-left is-style-fourth_title has-grey-color has-text-color\">ALCOR \u00c9quipements\u2019 <strong>modular patronage grandstands<\/strong> were installed in the Parc du Vissoir for <strong>philanthropic open\u2011air concerts<\/strong>. We installed:<\/p>\n\n\n\n<ul class=\"wp-block-list\">\n<li>A <a href=\"https:\/\/www.alcor-equipements.com\/en\/demountable-stadium\/\">demountable grandstand<\/a> with 747 seats across 26 rows, offering optimal sightlines<\/li>\n\n\n\n<li>An <a href=\"https:\/\/www.alcor-equipements.com\/en\/stage-podium-platform-rental\/\">ADA platform<\/a> (for people with reduced mobility) to ensure inclusivity<\/li>\n\n\n\n<li>336 seats in <strong>horizontal grandstand<\/strong> on PLB platforms, ideal for flexible configurations<\/li>\n<\/ul>\n<\/div><\/div>\n<\/div>\n\n\n\n<div class=\"wp-block-column is-layout-flow wp-block-column-is-layout-flow\" style=\"flex-basis:50%\">\n<div class=\"wp-block-group\" style=\"padding-top:0;padding-right:var(--wp--preset--spacing--30);padding-bottom:0;padding-left:0\"><div class=\"wp-block-group__inner-container is-layout-constrained wp-container-core-group-is-layout-bb789ed2 wp-block-group-is-layout-constrained\">\n<figure class=\"wp-block-image size-large\"><img loading=\"lazy\" decoding=\"async\" width=\"1024\" height=\"768\" src=\"https:\/\/www.alcor-equipements.com\/wp-content\/uploads\/2025\/09\/alcor-img_1815-1024x768.jpg\" alt=\"Location de tribune pour m\u00e9c\u00e9nat (Tr\u00e9laz\u00e9 2025)\" class=\"wp-image-4557\" style=\"aspect-ratio:1;object-fit:cover\" srcset=\"https:\/\/www.alcor-equipements.com\/wp-content\/uploads\/2025\/09\/alcor-img_1815-1024x768.jpg 1024w, https:\/\/www.alcor-equipements.com\/wp-content\/uploads\/2025\/09\/alcor-img_1815-300x225.jpg 300w, https:\/\/www.alcor-equipements.com\/wp-content\/uploads\/2025\/09\/alcor-img_1815-768x576.jpg 768w, https:\/\/www.alcor-equipements.com\/wp-content\/uploads\/2025\/09\/alcor-img_1815-1536x1152.jpg 1536w, https:\/\/www.alcor-equipements.com\/wp-content\/uploads\/2025\/09\/alcor-img_1815-scaled.jpg 2048w, https:\/\/www.alcor-equipements.com\/wp-content\/uploads\/2025\/09\/alcor-img_1815-170x128.jpg 170w\" sizes=\"auto, (max-width: 1024px) 100vw, 1024px\" \/><\/figure>\n<\/div><\/div>\n<\/div>\n<\/div>\n\n\n\n<div style=\"height:50px\" aria-hidden=\"true\" class=\"wp-block-spacer\"><\/div>\n\n\n\n<div class=\"wp-block-media-text alignfull is-stacked-on-mobile is-image-fill-element has-main-color-background-color has-background\" style=\"padding-top:0;padding-right:0;padding-bottom:0;padding-left:0\"><figure class=\"wp-block-media-text__media\"><img loading=\"lazy\" decoding=\"async\" width=\"1024\" height=\"768\" src=\"https:\/\/www.alcor-equipements.com\/wp-content\/uploads\/2025\/09\/alcor-img_1802-1024x768.jpg\" alt=\"Spic Arena Tr\u00e9laz\u00e9 2025\" class=\"wp-image-4560 size-full\" style=\"object-position:40% 50%\" srcset=\"https:\/\/www.alcor-equipements.com\/wp-content\/uploads\/2025\/09\/alcor-img_1802-1024x768.jpg 1024w, https:\/\/www.alcor-equipements.com\/wp-content\/uploads\/2025\/09\/alcor-img_1802-300x225.jpg 300w, https:\/\/www.alcor-equipements.com\/wp-content\/uploads\/2025\/09\/alcor-img_1802-768x576.jpg 768w, https:\/\/www.alcor-equipements.com\/wp-content\/uploads\/2025\/09\/alcor-img_1802-1536x1152.jpg 1536w, https:\/\/www.alcor-equipements.com\/wp-content\/uploads\/2025\/09\/alcor-img_1802-scaled.jpg 2048w, https:\/\/www.alcor-equipements.com\/wp-content\/uploads\/2025\/09\/alcor-img_1802-170x128.jpg 170w\" sizes=\"auto, (max-width: 1024px) 100vw, 1024px\" \/><\/figure><div class=\"wp-block-media-text__content\">\n<div class=\"wp-block-columns is-layout-flex wp-container-core-columns-is-layout-ca68fe2e wp-block-columns-is-layout-flex\" style=\"padding-top:96px;padding-bottom:96px\">\n<div class=\"wp-block-column is-vertically-aligned-top is-layout-flow wp-block-column-is-layout-flow\">\n<h2 class=\"wp-block-heading has-text-align-left is-style-fourth_title has-white-color has-text-color\">Why choose ALCOR \u00c9quipements for grandstands at patronage\u2011type events?<\/h2>\n\n\n\n<div style=\"height:15px\" aria-hidden=\"true\" class=\"wp-block-spacer\"><\/div>\n\n\n\n<p class=\"has-white-color has-text-color has-link-color wp-elements-468a93bcc64794c18c28c22e5d1f3fa7\">For many years, ALCOR \u00c9quipements has been a benchmark in <strong>grandstand rentals for patronage<\/strong>. Whether it\u2019s for a <a href=\"https:\/\/www.alcor-equipements.com\/en\/festival-grandstand-rental\/\">festival grandstand rental<\/a>, a <strong>free concert<\/strong>, or a community event, our solutions adapt to logistical constraints and budget requirements.<\/p>\n\n\n\n<p class=\"has-white-color has-text-color has-link-color wp-elements-17c3abca2059e03e55fc667b89068a3e\"><strong>Our strengths:<\/strong><\/p>\n\n\n\n<ul class=\"wp-block-list\">\n<li class=\"has-white-color has-text-color has-link-color wp-elements-42aa464a193e85a8d03752171b5ed5d9\"><strong>Modularity and easy dismantling<\/strong>: our <a href=\"https:\/\/www.alcor-equipements.com\/en\/modular-grandstand\/\">modular grandstands<\/a> integrate seamlessly into your venues, whether arenas, stadiums, or multipurpose halls.<\/li>\n\n\n\n<li class=\"has-white-color has-text-color has-link-color wp-elements-4cc4068c6c7c1a994e7c113ac9b2861e\"><strong>Safety and comfort<\/strong>: every installation complies with current standards to ensure an optimal audience experience (see this <a href=\"https:\/\/www.alcor-equipements.com\/en\/modular-grandstand-performances\/\">outdoor show grandstand rental<\/a>).<\/li>\n\n\n\n<li class=\"has-white-color has-text-color has-link-color wp-elements-5650b61c59d53486f024015133b86c85\"><strong>A trusted partner<\/strong>: Our expertise spans sports, cultural (<a href=\"https:\/\/www.alcor-equipements.com\/en\/grandstand-rental-royan-beach\/\">stand rental for classical music festival<\/a>, and community events connected to patronage<\/li>\n<\/ul>\n\n\n\n<h3 class=\"wp-block-heading is-style-fourth_title has-white-color has-text-color has-link-color wp-elements-75618297f1c0ed29039f3c0ff68530bb\">A wide range of use cases<\/h3>\n\n\n\n<div style=\"height:20px\" aria-hidden=\"true\" class=\"wp-block-spacer\"><\/div>\n\n\n\n<ul class=\"wp-block-list\">\n<li class=\"has-white-color has-text-color has-link-color wp-elements-44d9d68f503ab9fce5c959467c218f6a\">Grandstands for festivals and free concerts with comfortable seating tiers<\/li>\n\n\n\n<li class=\"has-white-color has-text-color has-link-color wp-elements-e594bbc30b37765e11b0530c473410a6\">Sports events linked to patronage that require suitable demountable grandstands<\/li>\n\n\n\n<li class=\"has-white-color has-text-color has-link-color wp-elements-9acec285f815fa367a4c8f221bd05862\">Associations seeking to organize inclusive, accessible philanthropic events<\/li>\n<\/ul>\n\n\n\n<p class=\"has-white-color has-text-color has-link-color wp-elements-e18e51a8c1f83ae127f9d0a3aff92c88\">Contact us for all your cultural and community patronage projects that require <a href=\"https:\/\/www.alcor-equipements.com\/en\/grandstand-rental\/\">temporary rental grandstands<\/a>! We operate throughout France. Free quote.<\/p>\n\n\n\n<div class=\"wp-block-buttons is-content-justification-center is-layout-flex wp-container-core-buttons-is-layout-16018d1d wp-block-buttons-is-layout-flex\">\n<div class=\"wp-block-button is-style-fill-light\"><a class=\"wp-block-button__link wp-element-button\" href=\"https:\/\/www.alcor-equipements.com\/en\/contact-us\/\">FREE QUOTE REQUEST<\/a><\/div>\n<\/div>\n<\/div>\n<\/div>\n<\/div><\/div>\n","protected":false},"excerpt":{"rendered":"<p>2 stands and 1 ADA platform in the heart of Maine\u2011et\u2011Loire These artists performed at [&hellip;]<\/p>\n","protected":false},"author":8,"featured_media":4558,"menu_order":22,"comment_status":"open","ping_status":"closed","template":"","categorie":[20],"class_list":["post-4550","realisation","type-realisation","status-publish","has-post-thumbnail","hentry","categorie-location-en"],"acf":[],"_links":{"self":[{"href":"https:\/\/www.alcor-equipements.com\/en\/wp-json\/wp\/v2\/realisation\/4550","targetHints":{"allow":["GET"]}}],"collection":[{"href":"https:\/\/www.alcor-equipements.com\/en\/wp-json\/wp\/v2\/realisation"}],"about":[{"href":"https:\/\/www.alcor-equipements.com\/en\/wp-json\/wp\/v2\/types\/realisation"}],"author":[{"embeddable":true,"href":"https:\/\/www.alcor-equipements.com\/en\/wp-json\/wp\/v2\/users\/8"}],"replies":[{"embeddable":true,"href":"https:\/\/www.alcor-equipements.com\/en\/wp-json\/wp\/v2\/comments?post=4550"}],"version-history":[{"count":5,"href":"https:\/\/www.alcor-equipements.com\/en\/wp-json\/wp\/v2\/realisation\/4550\/revisions"}],"predecessor-version":[{"id":5346,"href":"https:\/\/www.alcor-equipements.com\/en\/wp-json\/wp\/v2\/realisation\/4550\/revisions\/5346"}],"wp:featuredmedia":[{"embeddable":true,"href":"https:\/\/www.alcor-equipements.com\/en\/wp-json\/wp\/v2\/media\/4558"}],"wp:attachment":[{"href":"https:\/\/www.alcor-equipements.com\/en\/wp-json\/wp\/v2\/media?parent=4550"}],"wp:term":[{"taxonomy":"categorie","embeddable":true,"href":"https:\/\/www.alcor-equipements.com\/en\/wp-json\/wp\/v2\/categorie?post=4550"}],"curies":[{"name":"wp","href":"https:\/\/api.w.org\/{rel}","templated":true}]}}